{"id":2142,"date":"2022-03-04T11:03:55","date_gmt":"2022-03-04T10:03:55","guid":{"rendered":"https:\/\/fce-vvb.be\/?post_type=mec-events&#038;p=2142"},"modified":"2022-03-13T12:47:35","modified_gmt":"2022-03-13T11:47:35","slug":"conference-fce-eip-plci-pj-business-all-risk","status":"publish","type":"mec-events","link":"https:\/\/fce-vvb.be\/index.php\/events\/conference-fce-eip-plci-pj-business-all-risk\/","title":{"rendered":"Votre pension sera-t-elle \u00e0 la hauteur de vos esp\u00e9rances ? Ouvrez les portes des possibilt\u00e9s pour une pension en toute s\u00e9r\u00e9nit\u00e9."},"content":{"rendered":"<p><b><i>Isabelle Wats<\/i><\/b>, pr\u00e9sidente des FCE Namur,\u00a0 vous invite \u00e0 une<strong> conf\u00e9rence sur le th\u00e8me de votre pension.<\/strong><\/p>\n<p>Cette conf\u00e9rence sera anim\u00e9e par <b><i>Catherine Serr\u00e9<\/i><\/b>, membre FCE et courti\u00e8re en assurances, <b><i>Thomas <\/i><\/b><b><i>Draguet<\/i><\/b>, Partner chez Anticiper.tax et <b><i>Chiara <\/i><\/b><b><i>Asinari<\/i><\/b>, D.A.S. Soci\u00e9t\u00e9 Anonyme Belge de Protection Juridique.<\/p>\n<p><em>Les sujets abord\u00e9s lors de cette conf\u00e9rence sont :<\/em><\/p>\n<p>\ud83d\udccc Les <strong>avantages m\u00e9connus<\/strong> des assurances <strong>PLCI<\/strong> &amp; <strong>EIP<\/strong> (pension compl\u00e9mentaire pour ind\u00e9pendant et dirigeant d\u2019entreprise)<br \/>\n\ud83d\udccc Illustr\u00e9e par <strong>plusieurs cas v\u00e9cus<\/strong>,\u00a0 l\u2019assurance <strong>protection juridique pour entrepreneurs<\/strong>,\u00a0 v\u00e9ritable couteau suisse pour les risques inh\u00e9rents aux activit\u00e9s professionnelles<br \/>\n\ud83d\udccc Un <strong>t\u00e9moignage <\/strong>utile et concret dans le but de vous faire profiter de l\u2019exp\u00e9rience des autres pour la p\u00e9rennit\u00e9 de votre entrepris<br \/>\n\ud83d\udccc les derni\u00e8res <strong>actualit\u00e9s fiscales<\/strong> pour 2022<\/p>\n<p><em><span style=\"text-decoration: underline;\">Programme<\/span><\/em>:<\/p>\n<p>18h00 : Accueil<br \/>\n18h30 : Conf\u00e9rence<br \/>\n20h00 : Networking autour de <strong>wraps<\/strong> et<strong> vins<\/strong> s\u00e9lectionn\u00e9s par notre membre sommeli\u00e8re <strong><em>Jessica Mathy\u00a0<\/em><\/strong><\/p>\n<p><em><span style=\"text-decoration: underline;\">Lieu<\/span><\/em> : P\u00e9niche L\u2019\u00c2me Agit,\u00a0Rue du Quai 0, 5000 Namur (Parking Brasserie du Quai \u00e0 50 m\u00e8tres)<\/p>\n<p>PAF : 25\u20ac (membre)\/ 30\u20ac (non membre) \u00e0 verser sur BE85 2100 4611 8906 Asbl FCE-VVB + Nom &amp; pr\u00e9nom<\/p>\n<p><a href=\"https:\/\/forms.office.com\/r\/4Q7vTC2Wfu\"><span style=\"text-decoration: underline;\"><img decoding=\"async\" class=\"alignnone size-full wp-image-1028\" src=\"https:\/\/fce-vvb.be\/wp-content\/uploads\/2021\/04\/Bouton-inscription-FCE.png\" alt=\"\" width=\"110\" height=\"43\" \/><\/span><\/a><\/p>\n<p><span style=\"text-decoration: underline;\">Contact<\/span> : Isabelle Wats <a href=\"mailto:isabelle@creacoach.be\">isabelle@creacoach.be<\/a><\/p>\n","protected":false},"excerpt":{"rendered":"<p>Isabelle Wats, pr\u00e9sidente des FCE Namur,\u00a0 vous invite \u00e0 une conf\u00e9rence sur le th\u00e8me de votre pension. Cette conf\u00e9rence sera anim\u00e9e par Catherine Serr\u00e9, membre FCE et courti\u00e8re en assurances, Thomas Draguet, Partner chez Anticiper.tax et Chiara Asinari, D.A.S. Soci\u00e9t\u00e9 Anonyme Belge de Protection Juridique. Les sujets abord\u00e9s lors de cette conf\u00e9rence sont : \ud83d\udccc  [&#8230;]<\/p>\n","protected":false},"author":5,"featured_media":2145,"comment_status":"open","ping_status":"closed","template":"","tags":[],"mec_category":[],"class_list":["post-2142","mec-events","type-mec-events","status-publish","has-post-thumbnail","hentry"],"_links":{"self":[{"href":"https:\/\/fce-vvb.be\/index.php\/wp-json\/wp\/v2\/mec-events\/2142","targetHints":{"allow":["GET"]}}],"collection":[{"href":"https:\/\/fce-vvb.be\/index.php\/wp-json\/wp\/v2\/mec-events"}],"about":[{"href":"https:\/\/fce-vvb.be\/index.php\/wp-json\/wp\/v2\/types\/mec-events"}],"author":[{"embeddable":true,"href":"https:\/\/fce-vvb.be\/index.php\/wp-json\/wp\/v2\/users\/5"}],"replies":[{"embeddable":true,"href":"https:\/\/fce-vvb.be\/index.php\/wp-json\/wp\/v2\/comments?post=2142"}],"wp:featuredmedia":[{"embeddable":true,"href":"https:\/\/fce-vvb.be\/index.php\/wp-json\/wp\/v2\/media\/2145"}],"wp:attachment":[{"href":"https:\/\/fce-vvb.be\/index.php\/wp-json\/wp\/v2\/media?parent=2142"}],"wp:term":[{"taxonomy":"post_tag","embeddable":true,"href":"https:\/\/fce-vvb.be\/index.php\/wp-json\/wp\/v2\/tags?post=2142"},{"taxonomy":"mec_category","embeddable":true,"href":"https:\/\/fce-vvb.be\/index.php\/wp-json\/wp\/v2\/mec_category?post=2142"}],"curies":[{"name":"wp","href":"https:\/\/api.w.org\/{rel}","templated":true}]}}