{"id":2858,"date":"2024-02-19T12:31:35","date_gmt":"2024-02-19T11:31:35","guid":{"rendered":"https:\/\/fce-vvb.be\/?post_type=mec-events&#038;p=2858"},"modified":"2024-02-28T14:15:49","modified_gmt":"2024-02-28T13:15:49","slug":"conference-au-cercle-du-lac","status":"publish","type":"mec-events","link":"https:\/\/fce-vvb.be\/index.php\/events\/conference-au-cercle-du-lac\/","title":{"rendered":"Femme entrepreneure ou politique : m\u00eame combat ?"},"content":{"rendered":"<h4>\u2728 <strong>CONFERENCE<\/strong> - 12 mars 2024 \u2728<\/h4>\n<p>&nbsp;<\/p>\n<p>En marge de la \ud835\udc09\ud835\udc28\ud835\udc2e\ud835\udc2b\ud835\udc27\ud835\udc1e\u0301\ud835\udc1e \ud835\udc08\ud835\udc27\ud835\udc2d\ud835\udc1e\ud835\udc2b\ud835\udc27\ud835\udc1a\ud835\udc2d\ud835\udc22\ud835\udc28\ud835\udc27\ud835\udc1a\ud835\udc25\ud835\udc1e \ud835\udc1d\ud835\udc1e\ud835\udc2c \ud835\udc03\ud835\udc2b\ud835\udc28\ud835\udc22\ud835\udc2d\ud835\udc2c \ud835\udc1d\ud835\udc1e\ud835\udc2c \ud835\udc05\ud835\udc1e\ud835\udc26\ud835\udc26\ud835\udc1e\ud835\udc2c, nous avons le plaisir de vous convier \u00e0 la conf\u00e9rence organis\u00e9e conjointement avec le <strong>Cercle du Lac<\/strong>, le mardi 12 mars de 12h30 \u00e0 13h30.<\/p>\n<p>\ud83d\udccd<em><strong> B\u00e9atrice Delfin Diaz<\/strong><\/em>, <em>pr\u00e9sidente nationale FCE<\/em>, aura le plaisir d'accueillir notre invit\u00e9e <em><strong>Sophie Rohonyi,<\/strong> d\u00e9put\u00e9e f\u00e9d\u00e9ral<br \/>\net Pr\u00e9sidente CFFB, <\/em>qui animeront toutes deux la conf\u00e9rence sur le th\u00e8me suivant :<\/p>\n<h4>\" <strong>Femme entrepreneure ou politique : m\u00eame combat<\/strong> \"<\/h4>\n<p>&nbsp;<\/p>\n<p>\ud83d\udccc\u00a0Elles partagerons leurs exp\u00e9riences,\u00a0 parcours professionnels en tant que femme dans un monde plut\u00f4t masculin,<br \/>\ndes freins, des challenges et de l'\u00e9quilibre entre vie priv\u00e9e et professionnelle avec un lien du th\u00e8me de la journ\u00e9e du <em>bien-\u00eatre.<\/em><\/p>\n<p>\ud83c\udfaf Cette conf\u00e9rence cadre dans le programme de la journ\u00e9e \ud835\udc16\ud835\udc1e\ud835\udc25\ud835\udc25-\ud835\udc01\ud835\udc1e\ud835\udc22\ud835\udc27\ud835\udc20 organis\u00e9e par le Cercle du Lac \u00e0 Louvain-La-Neuve.<br \/>\n\ud835\udc12\ud835\udc22\ud835\udc31 \ud835\udc1a\ud835\udc2d\ud835\udc1e\ud835\udc25\ud835\udc22\ud835\udc1e\ud835\udc2b\ud835\udc2c seront anim\u00e9s par \ud835\udc21\ud835\udc2e\ud835\udc22\ud835\udc2d femmes, \ud835\udc1e\ud835\udc31\ud835\udc29\ud835\udc1e\ud835\udc2b\ud835\udc2d\ud835\udc1e\ud835\udc2c \ud835\udc1e\ud835\udc31\ud835\udc1c\ud835\udc1e\ud835\udc29\ud835\udc2d\ud835\udc22\ud835\udc28\ud835\udc27\ud835\udc27\ud835\udc1e\ud835\udc25\ud835\udc25\ud835\udc1e\ud835\udc2c d\u00e8s 9h !<\/p>\n<p>&nbsp;<\/p>\n<p>Nous remercions le <em><strong>Sylvie Wodon,<\/strong> directrice g\u00e9n\u00e9rale du Cercle du Lac,<\/em> pour cette belle collaboration renouvell\u00e9e.<\/p>\n<h5>\u27a1\ufe0f\u00a0\u27a1\ufe0f \u27a1\ufe0f \u00a0<a href=\"https:\/\/www.cercledulac.be\/event\/well-being-day-372\/register\" target=\"_self\" rel=\"noopener\" data-attribute-index=\"9\"><span style=\"text-decoration: underline;\"><strong>INSCRIPTION<\/strong><\/span><\/a>\u00a0\u2b05 \u2b05 \u2b05<\/h5>\n<p><em><strong><br \/>\nPrix membre FCE : 55 \u20ac<\/strong><\/em><\/p>\n<p>Contact : <a href=\"mailto:info@fce-vvb.be\"><span style=\"text-decoration: underline;\">info@fce-vvb.be\u00a0<\/span><\/a><\/p>\n","protected":false},"excerpt":{"rendered":"<p>\u2728 CONFERENCE &#8211; 12 mars 2024 \u2728 &nbsp; En marge de la \ud835\udc09\ud835\udc28\ud835\udc2e\ud835\udc2b\ud835\udc27\ud835\udc1e\u0301\ud835\udc1e \ud835\udc08\ud835\udc27\ud835\udc2d\ud835\udc1e\ud835\udc2b\ud835\udc27\ud835\udc1a\ud835\udc2d\ud835\udc22\ud835\udc28\ud835\udc27\ud835\udc1a\ud835\udc25\ud835\udc1e \ud835\udc1d\ud835\udc1e\ud835\udc2c \ud835\udc03\ud835\udc2b\ud835\udc28\ud835\udc22\ud835\udc2d\ud835\udc2c \ud835\udc1d\ud835\udc1e\ud835\udc2c \ud835\udc05\ud835\udc1e\ud835\udc26\ud835\udc26\ud835\udc1e\ud835\udc2c, nous avons le plaisir de vous convier \u00e0 la conf\u00e9rence organis\u00e9e conjointement avec le Cercle du Lac, le mardi 12 mars de 12h30 \u00e0 13h30. \ud83d\udccd B\u00e9atrice Delfin Diaz, pr\u00e9sidente nationale FCE, aura le plaisir d&rsquo;accueillir notre  [&#8230;]<\/p>\n","protected":false},"author":5,"featured_media":2859,"comment_status":"open","ping_status":"closed","template":"","tags":[],"mec_category":[],"class_list":["post-2858","mec-events","type-mec-events","status-publish","has-post-thumbnail","hentry"],"_links":{"self":[{"href":"https:\/\/fce-vvb.be\/index.php\/wp-json\/wp\/v2\/mec-events\/2858","targetHints":{"allow":["GET"]}}],"collection":[{"href":"https:\/\/fce-vvb.be\/index.php\/wp-json\/wp\/v2\/mec-events"}],"about":[{"href":"https:\/\/fce-vvb.be\/index.php\/wp-json\/wp\/v2\/types\/mec-events"}],"author":[{"embeddable":true,"href":"https:\/\/fce-vvb.be\/index.php\/wp-json\/wp\/v2\/users\/5"}],"replies":[{"embeddable":true,"href":"https:\/\/fce-vvb.be\/index.php\/wp-json\/wp\/v2\/comments?post=2858"}],"wp:featuredmedia":[{"embeddable":true,"href":"https:\/\/fce-vvb.be\/index.php\/wp-json\/wp\/v2\/media\/2859"}],"wp:attachment":[{"href":"https:\/\/fce-vvb.be\/index.php\/wp-json\/wp\/v2\/media?parent=2858"}],"wp:term":[{"taxonomy":"post_tag","embeddable":true,"href":"https:\/\/fce-vvb.be\/index.php\/wp-json\/wp\/v2\/tags?post=2858"},{"taxonomy":"mec_category","embeddable":true,"href":"https:\/\/fce-vvb.be\/index.php\/wp-json\/wp\/v2\/mec_category?post=2858"}],"curies":[{"name":"wp","href":"https:\/\/api.w.org\/{rel}","templated":true}]}}